{"id":16034,"date":"2024-04-23T13:37:48","date_gmt":"2024-04-23T11:37:48","guid":{"rendered":"https:\/\/www.grupguell.es\/reglamento\/"},"modified":"2024-06-18T13:13:55","modified_gmt":"2024-06-18T11:13:55","slug":"reglamento","status":"publish","type":"page","link":"https:\/\/www.grupguell.es\/en\/reglamento\/","title":{"rendered":"Reglamento"},"content":{"rendered":"\n<div class=\"wp-block-group information-page\"><div class=\"wp-block-group__inner-container is-layout-constrained wp-block-group-is-layout-constrained\">\n<h4 class=\"wp-block-heading\"><strong>Art. 1. NOMBRE DE LA PRUEBA, LUGAR Y FECHA DE CELEBRACI\u00d3N<\/strong><\/h4>\n\n\n\n<p>La marcha se denomina &#8220;MARCHA DES G\u00dcELL A LLUC A PEU&#8221;, en esta 50\u00ba edici\u00f3n (50\u00ba marxa) se celebrar\u00e1 los d\u00edas 3 y 4 de agosto de 2024. Con salida desde la Plaza G\u00fcell de Palma (C\/ Arag\u00f3n) y llegada al Santuario de Lluc.<\/p>\n\n\n\n<p>Se trata de una <strong>marcha popular<\/strong> <strong>a pie<\/strong>, donde los marchantes discurren, caminando por v\u00edas p\u00fablicas pavimentadas, por los municipios de Palma, Marratx\u00ed, Santa Maria del Cam\u00ed, Consell, Binissalem, Lloseta, Inca, Selva y llegada a Escorca. La distancia aproximada son 43 km, con 700 metros de desnivel positivo. El tiempo estimado es de 7 a 11.30 horas de trayecto, dependiento de la velocidad de cada participante .<\/p>\n\n\n\n<p>Salidas: Desde Palma (Plaza G\u00fcell) a las 23.00 h del s\u00e1bado dia 3 de agosto de 2024 y desde Inca (Plaza des Bestiar) a las 5.30 h del Domingo dia 4 de agosto.<\/p>\n\n\n\n<h4 class=\"wp-block-heading\"><strong>Art. 2 \u2013 ORGANIZADOR<\/strong><\/h4>\n\n\n\n<p>ASSOCIACI\u00d3 DE PROTECCI\u00d3 CIUTADANA GRUP G\u00dcELL<br\/>C\/ La Cala, 31<br\/>07007 Palma<br\/>Islas Baleares<br\/>Tel\u00e9fono: 606574676<br\/>NIF: G07638133<br\/><a href=\"mailto:fbauzagimenez@gmail.com\">fbauzagimenez@gmail.com<\/a> y grupoguellpresidente@gmail.com<br\/>President: Francisco Bauza Gim\u00e9nez<br\/><a href=\"https:\/\/www.grupguell.es\/en\/\"><\/a><a href=\"https:\/\/www.grupguell.es\/en\/\">www.grupguell.es<\/a><\/p>\n\n\n\n<h4 class=\"wp-block-heading\"><strong>Art. 3.- PERSONAL RESPONSABLE DE LA ORGANIZACI\u00d3N IDENTIFICACI\u00d3N<\/strong><\/h4>\n\n\n\n<p>Director ejecutivo de la prueba:<br\/>Francisco Bauza Gim\u00e9nez<br\/>Responsable de Seguridad Vial:<br\/>Pedro Guasch Cap\u00f3<br\/>Tel\u00e9fono: 600659287<\/p>\n\n\n\n<p>Datos de contacto por dudas o reclamaciones: <a href=\"mailto:grupoguell@gmail.com\">grupoguell@gmail.com<\/a><\/p>\n\n\n\n<h4 class=\"wp-block-heading\"><strong>ART. 4. PERSONAS PARTICIPANTES<\/strong><\/h4>\n\n\n\n<p>En la marcha pueden participar todas las personas que se encuentren en adecuado estado de salud y que est\u00e9n debidamente inscritas.<\/p>\n\n\n\n<p><strong>Los menores de 15 a\u00f1os deben ir <\/strong><strong>acompa\u00f1ados<\/strong><strong> por personas mayores de edad<\/strong>.<\/p>\n\n\n\n<p>No se trata de una prueba deportiva, cada participante puede ANDAR a su ritmo, teniendo en cuenta que se deben cumplir los horarios de paso por los diferentes punt\u00f3s, ya que se discurre por v\u00edas p\u00fablicas que se encuentran reservadas para la marcha en unos horarios determinados.<\/p>\n\n\n\n<p>Equipamiento m\u00ednimo recomendado de las personas participantes:<\/p>\n\n\n\n<ul class=\"wp-block-list\">\n<li>Zapatillas Deportivas, de suela flexible y gruesa<\/li>\n\n\n\n<li>Ropa ligera y fresca<\/li>\n\n\n\n<li>Ro\u00f1onera o mochila peque\u00f1a con el siguiente material:\n<ul class=\"wp-block-list\">\n<li>Calcetines de repuesto y ap\u00f3sitos adhesivos<\/li>\n\n\n\n<li>Desayuno, fruta, frutos secos<\/li>\n\n\n\n<li>Material reflectante<\/li>\n\n\n\n<li>Linterna o frontal<\/li>\n<\/ul>\n<\/li>\n<\/ul>\n\n\n\n<p>Se recomienda encarecidamente no consumir alcohol ni estupefacientes.<\/p>\n\n\n\n<h4 class=\"wp-block-heading\"><strong>Art. 5. INSCRIPCIONES: DONDE INSCRIBIRSE Y MEDIOS DE PAGO<\/strong><\/h4>\n\n\n\n<p>Las inscripciones se pueden formalizar:<\/p>\n\n\n\n<p>1.- En el sitio web <a href=\"http:\/\/www.grupguell.es\">www.grupguell.es<\/a>, hasta las 23.00 h del d\u00eda 3 de agosto<\/p>\n\n\n\n<p>2.- En la Plaza G\u00fcell, entre las 19:30 y las 23.00h del d\u00eda 3 de agosto<\/p>\n\n\n\n<p>3.- En la estaci\u00f3n intermodal de Palma, desde el d\u00eda 22 de julio hasta el 2 de agosto<\/p>\n\n\n\n<p>La inscripci\u00f3n incluye el trayecto de vuelta a Palma (autocares a Palma y desde los diferentes puntos hacia el tren Inca-Palma).<\/p>\n\n\n\n<p>Los medios de pago admitidos son:<\/p>\n\n\n\n<ul class=\"wp-block-list\">\n<li>Tarjeta de cr\u00e9dito o transferencia bancaria por las inscripciones on \u2013line<\/li>\n\n\n\n<li>Tarjeta de Cr\u00e9dito o efectivo para las otras inscripciones<\/li>\n<\/ul>\n\n\n\n<p>La inscripci\u00f3n implica la aceptaci\u00f3n del presente reglamento. Esta normativa es de obligado cumplimiento, en caso de incumplirse podr\u00e1 ser excluirlo del itinerario de la marxa.<\/p>\n\n\n\n<h4 class=\"wp-block-heading\"><strong>Art. 6. LIMITE INSCRIPCIONES<\/strong><\/h4>\n\n\n\n<p>El n\u00famero m\u00e1ximo de participantes es de 4.750 participantes<\/p>\n\n\n\n<p><strong>La organizaci\u00f3n no se hace responsable de las personas que no est\u00e9n debidamente inscritas.<\/strong><\/p>\n\n\n\n<h4 class=\"wp-block-heading\"><strong>Art. 7. DORSALES Y PASAG\u00dcELL<\/strong><\/h4>\n\n\n\n<p>A las personas inscritas se les har\u00e1 entrega de un dorsal y un Pasag\u00fcell que deber\u00e1n conservar durante toda la marcha.<\/p>\n\n\n\n<p>Se ruega a todos las participantes que lleguen a les 21 horas a la Plaza Guell para para poder disfrutar de la verbena y recoger su dorsal.<\/p>\n\n\n\n<p>El dorsal deber\u00e1 colocarse en el lado frontal del torso, de forma que sea visible por el personal de la organizaci\u00f3n y de las personas que regulan el tr\u00e1fico .<\/p>\n\n\n\n<p>El pasag\u00fcell es el documento que acredita que la persona es participante de la marcha, y que debe presentarse a la organizaci\u00f3n para sellar en los puntos de avituallamiento de: Santa Maria, Binissalem, Selva y Lluc.<\/p>\n\n\n\n<p>El Pasag\u00fcell\/dorsal es el documento\/distintivo que habilita para acceder a los servicios de autocar o ferroviarios para volver al punto de salida (Palma o estaciones del tren SFM).<\/p>\n\n\n\n<p>Todas las participantes que lleguen a los puntos de avituallamiento de Binissalem, Selva y Lluc han de sellar su Pasaguell.<\/p>\n\n\n\n<h4 class=\"wp-block-heading\"><strong>Art. 8.- ITINERARIO<\/strong><\/h4>\n\n\n\n<p>El itinerario previsto se adjunta al ANEXO 1, con las distancias, horarios previstos de paso y observaciones.<\/p>\n\n\n\n<p>La marcha recorre 43 Km con un desnivel positivo de 700m. El tiempo estimado para hacer el recorrido es entre 7 y 11.30h.<\/p>\n\n\n\n<p>El tiempo l\u00edmite de llegada a Lluc es a las 11:30 del d\u00eda 4 de agosto de 2024.<\/p>\n\n\n\n<p><strong>Es OBLIGATORIO hacer todo el trayecto por las v\u00edas (siempre asfaltadas) previstas por la organizaci\u00f3n<\/strong><strong>.<\/strong><\/p>\n\n\n\n<p>Queda totalmente prohibido circular con patines, bicicletas, veh\u00edculos a motor o cualquier otro artefacto.<\/p>\n\n\n\n<p>Queda total mente prohibido circular dentro de itinerario de la marxa con patines, bicicletas y motocicletas. En caso de hacerlo, se les expulsar\u00e1 de la marxa, advirtiendo a los agentes de seguridad que podr\u00e1n, en caso procedente, a imponer sanci\u00f3n.<\/p>\n\n\n\n<p>Se deben respetar las indicaciones que hagan los miembros de la organizaci\u00f3n y de los miembros de los cuerpos y fuerzas de seguridad.<\/p>\n\n\n\n<p>Cualquier contratiempo debe ser comunicado a los miembros de la organizaci\u00f3n.<\/p>\n\n\n\n<h4 class=\"wp-block-heading\"><strong>Art. 9: SALIDA DE PALMA<\/strong><\/h4>\n\n\n\n<p>La salida de Palma es a las 23.00h desde la Plaza G\u00fcell. A partir de las 21.00 se recibir\u00e1 a los participantes.<\/p>\n\n\n\n<p>A partir de las 22.55 se entregar\u00e1n los Pasag\u00fcells a los participantes para empezar a caminar.<\/p>\n\n\n\n<p>Las personas que salgan antes de esta hora no estar\u00e1n amparadas por la organizaci\u00f3n de la marcha.<\/p>\n\n\n\n<p>Abriendo la marcha se dispone de un veh\u00edculo de la organizaci\u00f3n identificado con dos dispositivos rotativos luminosos acompa\u00f1ados por Polic\u00eda Local de Palma. <\/p>\n\n\n\n<h4 class=\"wp-block-heading\"><strong>Art. 10.- HORARIOS DE PASO. <\/strong><\/h4>\n\n\n\n<p>Incluidos en el ANEXO 1<\/p>\n\n\n\n<p>Las personas que transiten por las v\u00edas reservadas para la marcha fuera de estos horarios, antes del veh\u00edculo de apertura de la marcha o despu\u00e9s del veh\u00edculo de cierre, deber\u00e1n abandonar la marcha. Se deber\u00e1n retirar el dorsal y pasan a ser considerados usuarios normales de las v\u00edas, no tendr\u00e1n ninguna consideraci\u00f3n especial, deber\u00e1n respetar las normas de circulaci\u00f3n y la organizaci\u00f3n no tendr\u00e1 ninguna responsabilidad.<\/p>\n\n\n\n<h4 class=\"wp-block-heading\"><strong>Art. 11.- SALIDA DESDE INCA<\/strong><\/h4>\n\n\n\n<p>La salida desde Inca es a las 05.30 h del domingo 04 de agosto en la Plaza des Bestiar. A las 05.25h se entregar\u00e1n los Pasag\u00fcells.<\/p>\n\n\n\n<p>Abriendo esta parte de la prueba, se dispone de un veh\u00edculo de la organizaci\u00f3n identificado con dos dispositivos rotativos luminosos hasta la incorporaci\u00f3n de estos marxaires al itinerario de los que procedent de Palma<\/p>\n\n\n\n<h4 class=\"wp-block-heading\"><strong>Art. 12.- AVITUALLAMIENTOS Y SERVICIOS HIGI\u00c9NICOS<\/strong><\/h4>\n\n\n\n<p>Los avituallamientos se situar\u00e1n en los puntos indicados en el ANEXO 1<\/p>\n\n\n\n<p>A lo largo del recorrido habr\u00e1 servicios higi\u00e9nicos en los puntos de avituallamiento para el uso de los marchantes. No est\u00e1 permitido orinar o defecar fuera de servicios higi\u00e9nicos correctamente ubicados.<\/p>\n\n\n\n<p>No se dispensaran bebidas alcoh\u00f3licas en los avituallamientos.<\/p>\n\n\n\n<h4 class=\"wp-block-heading\"><strong>Art. 13.- PARTICIPANTES RETIRADOS O QUE LES ADELANTA EL VEH\u00cdCULO DE CIERRE DE LA MARCHA<\/strong><\/h4>\n\n\n\n<p>Los puntos de avituallamiento son los lugares m\u00e1s id\u00f3neos para las personas que se retiren por agotamiento o lesi\u00f3n, ya que son los puntos donde hay de manera permanente personal de la organizaci\u00f3n para atenderlas.<\/p>\n\n\n\n<p>Los participantes que se retiren pueden hacer uso de los &#8220;veh\u00edculos escoba&#8221; (5 previstos) de la organizaci\u00f3n que los desembarcar\u00e1n en el punto de avituallamiento o el punto en el que la organizaci\u00f3n tiene servicio de vuelta m\u00e1s cercano.<\/p>\n\n\n\n<p>En el caso de ser adelantados por el veh\u00edculo de cierre de la marcha, el participante deber\u00e1 retirarse, quit\u00e1ndose el dorsal convirti\u00e9ndose en un usuario normal de la v\u00eda, que debe respetar todas las normas de circulaci\u00f3n y del que la organizacion no tendr\u00e1 ninguna responsabilidad.<\/p>\n\n\n\n<h4 class=\"wp-block-heading\"><strong>Art.14.- ASPECTOS MEDIOAMBIENTALES<\/strong><\/h4>\n\n\n\n<p>No est\u00e1 permitido, bajo ninguna circunstancia, dejar residuos de ning\u00fan tipo fuera de los contenedores u otros sistemes adecuados proporcionados por la organizaci\u00f3n.<\/p>\n\n\n\n<p>En cada punto de avituallamiento hay contenedores para depositar los residuos generados por los participantes.<\/p>\n\n\n\n<p>Cada persona debe llevar la botella de aluminio que le entrega la organizacion o una cantimplora.<\/p>\n\n\n\n<p>La marcha discurre por espacios de relevancia ambiental de la Serra de Tramuntana. En estos lugares est\u00e1 especialmente prohibido circular por atajos, hacer ruido, molestar la fauna y\/o maltratar la flora. Se recomienda lo mismo en todo el recorrido.<\/p>\n\n\n\n<p>Los usuarios deber\u00e1n respetar los elementos de se\u00f1alizaci\u00f3n existentes.<\/p>\n\n\n\n<p>Se debe tener especial cuidado con todo lo que pueda ser foco de incendio (fumar, etc)<\/p>\n\n\n\n<p>Se proh\u00edbe el uso de megafon\u00eda, altavoces y equipos de m\u00fasica en el itinerario del evento, a excepci\u00f3n de los equipos de emergencia.<\/p>\n\n\n\n<p>No se permite el uso de drones o aparatos voladores similares.<\/p>\n\n\n\n<h4 class=\"wp-block-heading\"><strong>Art. 15. SEGUROS<\/strong><\/h4>\n\n\n\n<p>La organizaci\u00f3n dispone de una p\u00f3liza de seguro de responsabilidad civil.<\/p>\n\n\n\n<p>Con la inscripci\u00f3n a la marcha, cada participante declara estar en condiciones de salud por el esfuerzo f\u00edsico que prev\u00e9 realizar. La organizaci\u00f3n cuenta con servicios sanitarios para atenci\u00f3n primaria y traslado de los accidentados al centro de salud u hospital en el que cada participante tenga cobertura sanitaria.<\/p>\n\n\n\n<h4 class=\"wp-block-heading\"><strong>Art. 16.- EMERGENCIAS<\/strong><\/h4>\n\n\n\n<p>La marcha tiene activado un Plan de Autoprotecci\u00f3n para hacer frente a las emergencias que se puedan producir, con un equipo de emergencias dirigido por el centro de coordinaci\u00f3n (CECOR).<\/p>\n\n\n\n<p>Cualquier aspecto que un participante pueda detectar, debe ponerlo en conocimiento de los miembros de la organizaci\u00f3n o de los miembros de las fuerzas y cuerpos de seguridad.<\/p>\n\n\n\n<p>Consignas de seguridad para los usuarios:<\/p>\n\n\n\n<ul class=\"wp-block-list\">\n<li>En todo momento deber\u00e1n circular por el itinerario definido por la organizaci\u00f3n.<\/li>\n\n\n\n<li>El evento dispone de un Centro de Coordinaci\u00f3n (CECOR), cerca del Santuario. En caso de emergencia avisar al tel\u00e9fono 600668041, indicando que les ocurre, ubicaci\u00f3n aproximada y n\u00famero de personas afectadas. Una vez realizada la llamada de emergencia no se mover\u00e1n del lugar en el que se encuentren. En el caso de que no tuviera cobertura con su operador de telefon\u00eda o no pudiera contactar con el tel\u00e9fono del Organizador, realicen la llamada de emergencia al 112.<\/li>\n\n\n\n<li>En caso de emergencia mantener la calma y estar atento a las indicaciones de los servicios de emergencia.<\/li>\n\n\n\n<li>En caso de que se realice una evacuaci\u00f3n, confirmar la presencia de todos los componentes de tu grupo y no volver atr\u00e1s.<\/li>\n\n\n\n<li>Evitar conductas generadoras de p\u00e1nico como chillar, correr o empujar a los dem\u00e1s, ya que pueden provocarse situaciones muy peligrosas e incrementar el riesgo.<\/li>\n\n\n\n<li>Cuando est\u00e9 en una zona segura definida por la Organizaci\u00f3n o los servicios de emergencia y falta alguna persona de su grupo, debe comunicarlo al CECOR.<\/li>\n\n\n\n<li> Los participantes deber\u00e1n contar con una preparaci\u00f3n f\u00edsica adecuada para la participaci\u00f3n en el evento y utilizar calzado e indumentaria c\u00f3moda y adecuada. Se recomienda calzado deportivo y cerrado. Llevar documentaci\u00f3n acreditativa de su identidad. Por otra parte, en el caso de uso de f\u00e1rmacos deber\u00e1n prever las necesidades que puedan tener durante la realizaci\u00f3n del evento.<\/li>\n\n\n\n<li> Como medida preventiva los usuarios que dispongan de tel\u00e9fono m\u00f3vil supervisaran que su bater\u00eda se encuentre a plena carga.<\/li>\n\n\n\n<li> En el caso de ir en grupo acordar puntos de referencia en el itinerario para un posible reencuentro en caso de p\u00e9rdida.<\/li>\n\n\n\n<li> Si le acompa\u00f1an ni\u00f1os, deben estar pendientes de ellos y en caso de p\u00e9rdida avisar inmediatamente al CECOR. Tambi\u00e9n realizar una supervisi\u00f3n especial sobre personas mayores o personas dependientes. Se puede preparar una ficha con un tel\u00e9fono de contacto, necesidades especiales, etc. O una pulsera con su nombre y tel\u00e9fono de contacto. Ense\u00f1ar a los ni\u00f1os que los cuerpos de emergencia est\u00e1n para ayudarle si necesita cualquier cosa.<\/li>\n\n\n\n<li> En todo momento los usuarios deber\u00e1n circular entre el coche de inicio y cierre de la marcha. En caso contrario se consideraran usuarios normales de v\u00edas p\u00fablicas quedando fuera del dispositivo de seguridad del evento.<\/li>\n\n\n\n<li> En el caso de observar conductas negligentes inc\u00edvicas o que supongan un riesgo para el evento lo comunicaran al CECOR.<\/li>\n\n\n\n<li> En caso de emergencia seguir\u00e1n las instrucciones que puedan indicar el personal del dispositivo de seguridad.<\/li>\n\n\n\n<li> Durante el itinerario deber\u00e1n respetar y facilitar el paso de veh\u00edculos de emergencia si fuera necesario.<\/li>\n\n\n\n<li> Se proh\u00edbe el uso de fuego, encender llamas o utilizar material pirot\u00e9cnico en todo el recorrido. <\/li>\n<\/ul>\n\n\n\n<h4 class=\"wp-block-heading\"><strong>Art. 17.- AVISOS Y ALERTAS METEOROL\u00d3GICAS O DE OTRO TIPO<\/strong><\/h4>\n\n\n\n<p>La organizaci\u00f3n se reserva el derecho de modificar o suspender la marcha en el caso de avisos de fen\u00f3menos meteorol\u00f3gicos adversos u otro tipo de alertas que puedan decretar las autoridades competentes.<\/p>\n\n\n\n<h4 class=\"wp-block-heading\"><strong>Art. 18 .- SANCIONES<\/strong><\/h4>\n\n\n\n<p>En el caso de infringir las normas de este Reglamento, se impondr\u00e1n las siguientes sanciones:<\/p>\n\n\n\n<ol class=\"wp-block-list\">\n<li>Expulsi\u00f3n de la marcha (retirada dorsal y Passag\u00fcell)<\/li>\n\n\n\n<li>En caso de infringir normas, se denunciar\u00e1n los hechos a los agentes de la autoridad.<\/li>\n\n\n\n<li>En caso de circular con veh\u00edculos o artefactos, estos pueden ser inmovilizados por las fuerzas y cuerpos de seguridad.<\/li>\n<\/ol>\n\n\n\n<h4 class=\"wp-block-heading\"><strong>Art. 19.- RECLAMACIONES<\/strong><\/h4>\n\n\n\n<p>Las reclamaciones deben presentarse por escrito al director de la marcha el mismo d\u00eda de finalizaci\u00f3n de la marcha.<\/p>\n\n\n\n<h4 class=\"wp-block-heading\"><strong>Art. 20.- NORMATIVA<\/strong><\/h4>\n\n\n\n<p>El solo hecho de inscribirse implica la total aceptaci\u00f3n del presente reglamento.<\/p>\n\n\n\n<p>Todo aquello que no est\u00e9 estipulado en este reglamento se resolver\u00e1 de acuerdo con la organizaci\u00f3n.<\/p>\n\n\n\n<p>Todos los participantes cuando se inscriben lo hacen bajo su responsabilidad de que se encuentran f\u00edsicamente y sin problemas de salud para poder realizar esta marcha.<\/p>\n\n\n\n<h4 class=\"wp-block-heading\"><strong>Art.-21 PREMIOS Y\/O DETALLES A LOS PARTICIPANTES<\/strong><\/h4>\n\n\n\n<p>La organizaci\u00f3n obsequiar\u00e1 a todos los participantes que lleguen a Lluc (desde Palma o de los pueblos que recorrer\u00e0 la marxa) con un diploma que contendr\u00e1 su nombre y la hora de llegada al Santuario.<\/p>\n\n\n\n<p>Tal diploma se entregar\u00e0 por la organizacion siempre y cuando se pueda desmostrar con el Pasaguell y dorsal que han hecho el recorrido de su punto de salida hasta el santuario de Lluc.<\/p>\n\n\n\n<p>El punto de diplomas y de sellado del Passag\u00fcell estar\u00e1 ubicado dentro del recinto del Santuario en la Plaza Grande.<\/p>\n\n\n\n<h4 class=\"wp-block-heading\"><strong>Art.22. LLEGADA A LLUC<\/strong><\/h4>\n\n\n\n<p>Al llegar a Lluc, y una vez sellado el Pasag\u00fcell , se podr\u00e0 visitar el Santuario de la Virgen de Lluc y sus instal\u00b7lacions.<\/p>\n\n\n\n<h4 class=\"wp-block-heading\"><strong>Art. 23.- VUELTA A PALMA<\/strong><\/h4>\n\n\n\n<p>La actividad de la marcha incluye la ida a pie hasta Lluc, o hasta el punto del trayecto que cada marxaire decida.<\/p>\n\n\n\n<p>Es por ello que se facilita la vuelta a Palma u otros puntos por parte de la organizaci\u00f3n.<\/p>\n\n\n\n<p>Se dispone de varios autocares de vuelta en diferentes horarios se dirigen a la estaci\u00f3n de tren de Inca, donde los participantes tendr\u00e1n que esperar la salida del primer tren disponible. El primero saldr\u00e1 a las 06.00 de la estaci\u00f3n de Inca en direcci\u00f3n Palma.<\/p>\n\n\n\n<p>El dorsal\/Pasag\u00fcell sellado ser\u00e1 el pase para tomar autocar y el tren de SFM el mismo d\u00eda de la marcha. En caso de p\u00e9rdida la persona deber\u00e1 abonar 10\u20ac en concepto de transporte en autocar.<\/p>\n\n\n\n<h4 class=\"wp-block-heading\"><strong>Art. 24: DERECHOS DE IMAGEN<\/strong><\/h4>\n\n\n\n<p>Los participantes aceptan la difusi\u00f3n de im\u00e1genes tomadas por la organizaci\u00f3n con el objetivo de informaci\u00f3n sobre o promoci\u00f3n del evento en este a\u00f1o o posteriores.<\/p>\n\n\n\n<h2 class=\"wp-block-heading\">Anexo 1: Rut\u00f3metro<\/h2>\n\n\n\n<p><strong>MARXA DES GUELL A LLUC A PEU 2024<\/strong><\/p>\n\n\n\n<figure class=\"wp-block-table\"><table><tbody><tr><td><br\/><\/td><td><br\/><\/td><td colspan=\"2\">PASO MARXAIRES<\/td><td><br\/><\/td><\/tr><tr><td>via<\/td><td>HORARIO CIERRE TRAFICO<\/td><td><strong>PRIMEROS<\/strong><\/td><td><strong>ULTIMOS<\/strong><\/td><td>AVITUALLAMIENTOS<\/td><\/tr><tr><td>Plaza Guell, Palma, C\/ Aragon<\/td><td>18:30<\/td><td>23:00<\/td><td>23:30<\/td><td>SVA+SVB<\/td><\/tr><tr><td>C\/ Aragon( virgen de lluc). Ma-13a<\/td><td>22:00<\/td><td>23:20<\/td><td>23:45<\/td><td>\u00a0<\/td><\/tr><tr><td>C\/ Antonio Maura( Son Bonet): Ma-13a<\/td><td>22:30<\/td><td>23:40<\/td><td>01:00<\/td><td>\u00a0<\/td><\/tr><tr><td>Pont D&#8217;inca (Marratx\u00ed), Ma-13a<\/td><td>23:00<\/td><td>23:50<\/td><td>01:30<\/td><td>\u00a0<\/td><\/tr><tr><td>Rotonda Figueral Ma-13a<\/td><td>23:00<\/td><td>00:05<\/td><td>01:50<\/td><td>SVB<\/td><\/tr><tr><td>Rotonda Festival Ma-13a<\/td><td>23:00<\/td><td>00:15<\/td><td>02:00<\/td><td>\u00a0<\/td><\/tr><tr><td>Santa Maria: Ma-13a<\/td><td>23.30<\/td><td>00:30<\/td><td>02:30<\/td><td>AV1 +SVA+SVB<\/td><\/tr><tr><td>Consell: Ma-13a<\/td><td>01:00<\/td><td>01:40<\/td><td>03:10<\/td><td>AV2 +SVB + bus escoba<\/td><\/tr><tr><td>Binisalem: Ma-13a<\/td><td>01:00<\/td><td>02:00<\/td><td>03:40<\/td><td>AV3+SVA+SVB + bus escoba<\/td><\/tr><tr><td>Rotonda Foro de Mallorca: Ma-13a\/Ma-2111<\/td><td>01:40<\/td><td>02:40<\/td><td>04:40<\/td><td>\u00a0<\/td><\/tr><tr><td>Lloseta (rotonda Minero)<\/td><td>02:30<\/td><td>03:20<\/td><td>06:00<\/td><td>\u00a0<\/td><\/tr><tr><td>LLoseta Estacion Ferrocarril<\/td><td>02:35<\/td><td>03:25<\/td><td>06:15<\/td><td>AV4+SVA+SVB +carpa PMA<\/td><\/tr><tr><td>Cruce (Carrera Inca Mancor) CAMI VELL DE LLOSETA\/SELVA hasta cruce Ma2112<\/td><td>03:00<\/td><td>03:50<\/td><td>06:40<\/td><td>\u00a0<\/td><\/tr><tr><td>Ma-2114 hasta Selva<\/td><td>03:15<\/td><td>04:00<\/td><td>06:50<\/td><td>\u00a0<\/td><\/tr><tr><td>Inca (SALIDA): Ma-2130<\/td><td>04:00<\/td><td>05:30<\/td><td>06:15<\/td><td>\u00a0<\/td><\/tr><tr><td>Selva: Ma-2130<\/td><td>03:30<\/td><td>04:20<\/td><td>07:00<\/td><td>AV5+SVA+SVB+2 bus escoba<\/td><\/tr><tr><td>Caimari: Ma-2130<\/td><td>03:50<\/td><td>04:50<\/td><td>07:30<\/td><td>SVA<\/td><\/tr><tr><td>COLL DE SA BATAIA: Ma-2130<\/td><td>\u00a0<\/td><td>\u00a0<\/td><td>\u00a0<\/td><td>AV6 (en Salt de la Bella Dona) + SVB<\/td><\/tr><tr><td>Monasterio Lluc: Ma 10 y Ma 2140<\/td><td>05:00<\/td><td>06:00<\/td><td>12:00<\/td><td>AV7+SVA+SVB+AUTOCARES REGRESO<\/td><\/tr><tr><td colspan=\"5\" rowspan=\"2\">Tras reunirse la Organizaci\u00f3n con la DGT se acuerda que los cierres de carreteras se har\u00e1n una hora antes del paso de los marxaires.<br\/>La organizaci\u00f3n tendr\u00e1 en cuenta las posibles salidas hacia la calzada de veh\u00edculos provenientes de restaurantes as\u00ed como de centros comerciales.<\/td><\/tr><tr><td colspan=\"5\" rowspan=\"2\"><\/td><\/tr><tr><td>AV: Avituallament<\/td><td><br\/><\/td><td><br\/><\/td><td><br\/><\/td><td><br\/><\/td><\/tr><tr><td colspan=\"2\">SVA: ambulancia de soporte vital avanzado<\/td><td><br\/><\/td><td colspan=\"2\">SVB: ambulandia de soporte vital b\u00e1sico<\/td><\/tr><\/tbody><\/table><\/figure>\n<\/div><\/div>\n","protected":false},"excerpt":{"rendered":"<p>Art. 1. NOMBRE DE LA PRUEBA, LUGAR Y FECHA DE CELEBRACI\u00d3N La marcha se denomina &#8220;MARCHA DES G\u00dcELL A LLUC A PEU&#8221;, en esta 50\u00ba edici\u00f3n (50\u00ba marxa) se celebrar\u00e1 los d\u00edas 3 y 4 de agosto de 2024. Con salida desde la Plaza G\u00fcell de Palma (C\/ Arag\u00f3n) y llegada al Santuario de Lluc. [&hellip;]<\/p>\n","protected":false},"author":1,"featured_media":0,"parent":0,"menu_order":0,"comment_status":"closed","ping_status":"closed","template":"","meta":{"inline_featured_image":false,"footnotes":""},"class_list":["post-16034","page","type-page","status-publish","hentry"],"_links":{"self":[{"href":"https:\/\/www.grupguell.es\/en\/wp-json\/wp\/v2\/pages\/16034","targetHints":{"allow":["GET"]}}],"collection":[{"href":"https:\/\/www.grupguell.es\/en\/wp-json\/wp\/v2\/pages"}],"about":[{"href":"https:\/\/www.grupguell.es\/en\/wp-json\/wp\/v2\/types\/page"}],"author":[{"embeddable":true,"href":"https:\/\/www.grupguell.es\/en\/wp-json\/wp\/v2\/users\/1"}],"replies":[{"embeddable":true,"href":"https:\/\/www.grupguell.es\/en\/wp-json\/wp\/v2\/comments?post=16034"}],"version-history":[{"count":1,"href":"https:\/\/www.grupguell.es\/en\/wp-json\/wp\/v2\/pages\/16034\/revisions"}],"predecessor-version":[{"id":16035,"href":"https:\/\/www.grupguell.es\/en\/wp-json\/wp\/v2\/pages\/16034\/revisions\/16035"}],"wp:attachment":[{"href":"https:\/\/www.grupguell.es\/en\/wp-json\/wp\/v2\/media?parent=16034"}],"curies":[{"name":"wp","href":"https:\/\/api.w.org\/{rel}","templated":true}]}}