{"id":15562,"date":"2024-03-13T09:24:43","date_gmt":"2024-03-13T08:24:43","guid":{"rendered":"https:\/\/www.grupguell.es\/home\/"},"modified":"2026-04-20T09:27:20","modified_gmt":"2026-04-20T07:27:20","slug":"home","status":"publish","type":"page","link":"https:\/\/www.grupguell.es\/en\/","title":{"rendered":"Home"},"content":{"rendered":"\n<div class=\"wp-block-cover full-width home-cover-hero display-none\"><img loading=\"lazy\" decoding=\"async\" width=\"2500\" height=\"1429\" class=\"wp-block-cover__image-background wp-image-19864\" alt=\"\" src=\"https:\/\/www.grupguell.es\/wp-content\/uploads\/2024\/12\/banner.jpg\" data-object-fit=\"cover\" srcset=\"https:\/\/www.grupguell.es\/wp-content\/uploads\/2024\/12\/banner.jpg 2500w, https:\/\/www.grupguell.es\/wp-content\/uploads\/2024\/12\/banner-300x171.jpg 300w, https:\/\/www.grupguell.es\/wp-content\/uploads\/2024\/12\/banner-1024x585.jpg 1024w, https:\/\/www.grupguell.es\/wp-content\/uploads\/2024\/12\/banner-768x439.jpg 768w, https:\/\/www.grupguell.es\/wp-content\/uploads\/2024\/12\/banner-1536x878.jpg 1536w, https:\/\/www.grupguell.es\/wp-content\/uploads\/2024\/12\/banner-2048x1171.jpg 2048w\" sizes=\"auto, (max-width: 2500px) 100vw, 2500px\" \/><span aria-hidden=\"true\" class=\"wp-block-cover__background has-black-background-color has-background-dim-40 has-background-dim\"><\/span><div class=\"wp-block-cover__inner-container is-layout-constrained wp-block-cover-is-layout-constrained\">\n<div class=\"wp-block-group content-center-wrapper\"><div class=\"wp-block-group__inner-container is-layout-constrained wp-block-group-is-layout-constrained\">\n<h2 class=\"wp-block-heading home-hero__item\">Foguero de San Antonio y San Sebasti\u00e1n<\/h2>\n\n\n\n<p class=\"home-hero__item\">Join us for a special evening with music, a bonfire and a delicious torrada.<\/p>\n\n\n\n<div class=\"wp-block-buttons is-layout-flex wp-block-buttons-is-layout-flex\">\n<div class=\"wp-block-button\"><a class=\"wp-block-button__link wp-element-button\" href=\"https:\/\/www.grupguell.es\/inscripcion\/foguero-de-san-antonio-y-san-sebastian\/\">Register<\/a><\/div>\n<\/div>\n<\/div><\/div>\n<\/div><\/div>\n\n\n\n<div class=\"wp-block-cover full-width home-cover-hero display-none\"><img loading=\"lazy\" decoding=\"async\" width=\"1620\" height=\"1080\" class=\"wp-block-cover__image-background wp-image-19791\" alt=\"\" src=\"https:\/\/www.grupguell.es\/wp-content\/uploads\/2024\/09\/Bellver.jpg\" data-object-fit=\"cover\" srcset=\"https:\/\/www.grupguell.es\/wp-content\/uploads\/2024\/09\/Bellver.jpg 1620w, https:\/\/www.grupguell.es\/wp-content\/uploads\/2024\/09\/Bellver-300x200.jpg 300w, https:\/\/www.grupguell.es\/wp-content\/uploads\/2024\/09\/Bellver-1024x683.jpg 1024w, https:\/\/www.grupguell.es\/wp-content\/uploads\/2024\/09\/Bellver-768x512.jpg 768w, https:\/\/www.grupguell.es\/wp-content\/uploads\/2024\/09\/Bellver-1536x1024.jpg 1536w\" sizes=\"auto, (max-width: 1620px) 100vw, 1620px\" \/><span aria-hidden=\"true\" class=\"wp-block-cover__background has-background-dim\" style=\"background-color:#76655a\"><\/span><div class=\"wp-block-cover__inner-container is-layout-constrained wp-block-cover-is-layout-constrained\">\n<div class=\"wp-block-group content-center-wrapper\"><div class=\"wp-block-group__inner-container is-layout-constrained wp-block-group-is-layout-constrained\">\n<h2 class=\"wp-block-heading home-hero__item\">Subida familiar a El Castillo de Bellver<\/h2>\n\n\n\n<p class=\"home-hero__item\">Subida familiar del Grup G\u00fcell desde Estadi de Mallorca Son Moix hasta El Castillo de Bellver<\/p>\n\n\n\n<div class=\"wp-block-buttons is-layout-flex wp-block-buttons-is-layout-flex\">\n<div class=\"wp-block-button\"><a class=\"wp-block-button__link wp-element-button\" href=\"https:\/\/www.grupguell.es\/inscripcion\/subida-familiar-a-el-castillo-de-bellver\/\">Register<\/a><\/div>\n<\/div>\n<\/div><\/div>\n<\/div><\/div>\n\n\n\n<div class=\"wp-block-cover full-width home-cover-hero display-none\"><img loading=\"lazy\" decoding=\"async\" width=\"1920\" height=\"1080\" class=\"wp-block-cover__image-background wp-image-19796\" alt=\"\" src=\"https:\/\/www.grupguell.es\/wp-content\/uploads\/2024\/09\/guell-lluc-a-peu.webp\" data-object-fit=\"cover\" srcset=\"https:\/\/www.grupguell.es\/wp-content\/uploads\/2024\/09\/guell-lluc-a-peu.webp 1920w, https:\/\/www.grupguell.es\/wp-content\/uploads\/2024\/09\/guell-lluc-a-peu-300x169.webp 300w, https:\/\/www.grupguell.es\/wp-content\/uploads\/2024\/09\/guell-lluc-a-peu-1024x576.webp 1024w, https:\/\/www.grupguell.es\/wp-content\/uploads\/2024\/09\/guell-lluc-a-peu-768x432.webp 768w, https:\/\/www.grupguell.es\/wp-content\/uploads\/2024\/09\/guell-lluc-a-peu-1536x864.webp 1536w\" sizes=\"auto, (max-width: 1920px) 100vw, 1920px\" \/><span aria-hidden=\"true\" class=\"wp-block-cover__background has-background-dim\" style=\"background-color:#76655a\"><\/span><div class=\"wp-block-cover__inner-container is-layout-constrained wp-block-cover-is-layout-constrained\">\n<div class=\"wp-block-group content-center-wrapper\"><div class=\"wp-block-group__inner-container is-layout-constrained wp-block-group-is-layout-constrained\">\n<h2 class=\"wp-block-heading home-hero__item\">Marxa des G\u00fcell a Lluc a peu<\/h2>\n\n\n\n<p class=\"home-hero__item\">The Marxa des G\u00fcell a Lluc a peu, is a march that takes place every year on the first Saturday of August on the Spanish island of Mallorca.<\/p>\n\n\n\n<div class=\"wp-block-buttons is-layout-flex wp-block-buttons-is-layout-flex\">\n<div class=\"wp-block-button\"><a class=\"wp-block-button__link wp-element-button\" href=\"https:\/\/www.grupguell.es\/en\/inscripcion\/50th-anniversary-walk-from-guell-to-lluc-on-foot\/\">Register<\/a><\/div>\n<\/div>\n<\/div><\/div>\n<\/div><\/div>\n\n\n\n<div class=\"wp-block-cover full-width home-cover-hero\"><img loading=\"lazy\" decoding=\"async\" width=\"1920\" height=\"1080\" class=\"wp-block-cover__image-background wp-image-19796\" alt=\"\" src=\"https:\/\/www.grupguell.es\/wp-content\/uploads\/2024\/09\/guell-lluc-a-peu.webp\" data-object-fit=\"cover\" srcset=\"https:\/\/www.grupguell.es\/wp-content\/uploads\/2024\/09\/guell-lluc-a-peu.webp 1920w, https:\/\/www.grupguell.es\/wp-content\/uploads\/2024\/09\/guell-lluc-a-peu-300x169.webp 300w, https:\/\/www.grupguell.es\/wp-content\/uploads\/2024\/09\/guell-lluc-a-peu-1024x576.webp 1024w, https:\/\/www.grupguell.es\/wp-content\/uploads\/2024\/09\/guell-lluc-a-peu-768x432.webp 768w, https:\/\/www.grupguell.es\/wp-content\/uploads\/2024\/09\/guell-lluc-a-peu-1536x864.webp 1536w\" sizes=\"auto, (max-width: 1920px) 100vw, 1920px\" \/><span aria-hidden=\"true\" class=\"wp-block-cover__background has-background-dim\" style=\"background-color:#76655a\"><\/span><div class=\"wp-block-cover__inner-container is-layout-constrained wp-block-cover-is-layout-constrained\">\n<div class=\"wp-block-group content-center-wrapper\"><div class=\"wp-block-group__inner-container is-layout-constrained wp-block-group-is-layout-constrained\">\n<h2 class=\"wp-block-heading home-hero__item\">Meeting of the elderly in Lluc<\/h2>\n\n\n\n<p class=\"home-hero__item\">May 17, 2026<\/p>\n<\/div><\/div>\n<\/div><\/div>\n\n\n<div class=\"wp-block-image\">\n<figure class=\"aligncenter size-large is-resized\"><img loading=\"lazy\" decoding=\"async\" width=\"683\" height=\"1024\" src=\"https:\/\/www.grupguell.es\/wp-content\/uploads\/2026\/04\/cartel-2026-683x1024.jpeg\" alt=\"\" class=\"wp-image-26617\" style=\"width:500px\" srcset=\"https:\/\/www.grupguell.es\/wp-content\/uploads\/2026\/04\/cartel-2026-683x1024.jpeg 683w, https:\/\/www.grupguell.es\/wp-content\/uploads\/2026\/04\/cartel-2026-200x300.jpeg 200w, https:\/\/www.grupguell.es\/wp-content\/uploads\/2026\/04\/cartel-2026-768x1152.jpeg 768w, https:\/\/www.grupguell.es\/wp-content\/uploads\/2026\/04\/cartel-2026-300x450.jpeg 300w, https:\/\/www.grupguell.es\/wp-content\/uploads\/2026\/04\/cartel-2026.jpeg 1024w\" sizes=\"auto, (max-width: 683px) 100vw, 683px\" \/><\/figure>\n<\/div>\n\n\n<div style=\"height:100px\" aria-hidden=\"true\" class=\"wp-block-spacer\"><\/div>\n\n\n\n<h2 class=\"wp-block-heading has-text-align-center\">Discover all our new products<\/h2>\n\n\n<ul class=\"wp-block-latest-posts__list has-dates content-blog-list wp-block-latest-posts\"><li><div class=\"wp-block-latest-posts__featured-image\"><img loading=\"lazy\" decoding=\"async\" width=\"526\" height=\"526\" src=\"https:\/\/www.grupguell.es\/wp-content\/uploads\/2025\/06\/voluntarios-apuntate.jpg\" class=\"attachment-large size-large wp-post-image\" alt=\"\" style=\"\" srcset=\"https:\/\/www.grupguell.es\/wp-content\/uploads\/2025\/06\/voluntarios-apuntate.jpg 526w, https:\/\/www.grupguell.es\/wp-content\/uploads\/2025\/06\/voluntarios-apuntate-300x300.jpg 300w, https:\/\/www.grupguell.es\/wp-content\/uploads\/2025\/06\/voluntarios-apuntate-150x150.jpg 150w, https:\/\/www.grupguell.es\/wp-content\/uploads\/2025\/06\/voluntarios-apuntate-100x100.jpg 100w\" sizes=\"auto, (max-width: 526px) 100vw, 526px\" \/><\/div><a class=\"wp-block-latest-posts__post-title\" href=\"https:\/\/www.grupguell.es\/en\/te-apuntas\/\">Te apuntas?<\/a><time datetime=\"2025-06-16T18:51:09+02:00\" class=\"wp-block-latest-posts__post-date\">16 de June de 2025<\/time><div class=\"wp-block-latest-posts__post-excerpt\"><\/div><\/li>\n<li><div class=\"wp-block-latest-posts__featured-image\"><img loading=\"lazy\" decoding=\"async\" width=\"526\" height=\"395\" src=\"https:\/\/www.grupguell.es\/wp-content\/uploads\/2025\/06\/RCDM-evento-el-16-junio-2025.jpg\" class=\"attachment-large size-large wp-post-image\" alt=\"\" style=\"\" srcset=\"https:\/\/www.grupguell.es\/wp-content\/uploads\/2025\/06\/RCDM-evento-el-16-junio-2025.jpg 526w, https:\/\/www.grupguell.es\/wp-content\/uploads\/2025\/06\/RCDM-evento-el-16-junio-2025-300x225.jpg 300w\" sizes=\"auto, (max-width: 526px) 100vw, 526px\" \/><\/div><a class=\"wp-block-latest-posts__post-title\" href=\"https:\/\/www.grupguell.es\/en\/proximo-18-de-junio\/\">Pr\u00f3ximo 18 de Junio<\/a><time datetime=\"2025-06-16T18:49:27+02:00\" class=\"wp-block-latest-posts__post-date\">16 de June de 2025<\/time><div class=\"wp-block-latest-posts__post-excerpt\"><\/div><\/li>\n<li><div class=\"wp-block-latest-posts__featured-image\"><img loading=\"lazy\" decoding=\"async\" width=\"526\" height=\"526\" src=\"https:\/\/www.grupguell.es\/wp-content\/uploads\/2025\/06\/guella-lluc-a-peu.jpg\" class=\"attachment-large size-large wp-post-image\" alt=\"\" style=\"\" srcset=\"https:\/\/www.grupguell.es\/wp-content\/uploads\/2025\/06\/guella-lluc-a-peu.jpg 526w, https:\/\/www.grupguell.es\/wp-content\/uploads\/2025\/06\/guella-lluc-a-peu-300x300.jpg 300w, https:\/\/www.grupguell.es\/wp-content\/uploads\/2025\/06\/guella-lluc-a-peu-150x150.jpg 150w, https:\/\/www.grupguell.es\/wp-content\/uploads\/2025\/06\/guella-lluc-a-peu-100x100.jpg 100w\" sizes=\"auto, (max-width: 526px) 100vw, 526px\" \/><\/div><a class=\"wp-block-latest-posts__post-title\" href=\"https:\/\/www.grupguell.es\/en\/te-esperamos-del-guell-a-lluc-a-peu\/\">te esperamos del G\u00fcell a Lluc a peu<\/a><time datetime=\"2025-06-16T18:46:41+02:00\" class=\"wp-block-latest-posts__post-date\">16 de June de 2025<\/time><div class=\"wp-block-latest-posts__post-excerpt\"><\/div><\/li>\n<li><div class=\"wp-block-latest-posts__featured-image\"><img loading=\"lazy\" decoding=\"async\" width=\"540\" height=\"282\" src=\"https:\/\/www.grupguell.es\/wp-content\/uploads\/2025\/06\/canal-youtube.jpeg\" class=\"attachment-large size-large wp-post-image\" alt=\"\" style=\"\" srcset=\"https:\/\/www.grupguell.es\/wp-content\/uploads\/2025\/06\/canal-youtube.jpeg 540w, https:\/\/www.grupguell.es\/wp-content\/uploads\/2025\/06\/canal-youtube-300x157.jpeg 300w\" sizes=\"auto, (max-width: 540px) 100vw, 540px\" \/><\/div><a class=\"wp-block-latest-posts__post-title\" href=\"https:\/\/www.grupguell.es\/en\/visita-nuestro-canal-de-youtube\/\">Visita nuestro canal de youtube<\/a><time datetime=\"2025-06-16T18:44:56+02:00\" class=\"wp-block-latest-posts__post-date\">16 de June de 2025<\/time><div class=\"wp-block-latest-posts__post-excerpt\"><\/div><\/li>\n<li><div class=\"wp-block-latest-posts__featured-image\"><img loading=\"lazy\" decoding=\"async\" width=\"526\" height=\"526\" src=\"https:\/\/www.grupguell.es\/wp-content\/uploads\/2025\/06\/club-elsa-junio-2025.jpg\" class=\"attachment-large size-large wp-post-image\" alt=\"\" style=\"\" srcset=\"https:\/\/www.grupguell.es\/wp-content\/uploads\/2025\/06\/club-elsa-junio-2025.jpg 526w, https:\/\/www.grupguell.es\/wp-content\/uploads\/2025\/06\/club-elsa-junio-2025-300x300.jpg 300w, https:\/\/www.grupguell.es\/wp-content\/uploads\/2025\/06\/club-elsa-junio-2025-150x150.jpg 150w, https:\/\/www.grupguell.es\/wp-content\/uploads\/2025\/06\/club-elsa-junio-2025-100x100.jpg 100w\" sizes=\"auto, (max-width: 526px) 100vw, 526px\" \/><\/div><a class=\"wp-block-latest-posts__post-title\" href=\"https:\/\/www.grupguell.es\/en\/paella-solidaria-club-elsa\/\">Paella solidaria Club Elsa<\/a><time datetime=\"2025-06-16T18:42:28+02:00\" class=\"wp-block-latest-posts__post-date\">16 de June de 2025<\/time><div class=\"wp-block-latest-posts__post-excerpt\"><\/div><\/li>\n<li><div class=\"wp-block-latest-posts__featured-image\"><img loading=\"lazy\" decoding=\"async\" width=\"526\" height=\"526\" src=\"https:\/\/www.grupguell.es\/wp-content\/uploads\/2025\/06\/president-consell-radio-juny-2025.jpg\" class=\"attachment-large size-large wp-post-image\" alt=\"\" style=\"\" srcset=\"https:\/\/www.grupguell.es\/wp-content\/uploads\/2025\/06\/president-consell-radio-juny-2025.jpg 526w, https:\/\/www.grupguell.es\/wp-content\/uploads\/2025\/06\/president-consell-radio-juny-2025-300x300.jpg 300w, https:\/\/www.grupguell.es\/wp-content\/uploads\/2025\/06\/president-consell-radio-juny-2025-150x150.jpg 150w, https:\/\/www.grupguell.es\/wp-content\/uploads\/2025\/06\/president-consell-radio-juny-2025-100x100.jpg 100w\" sizes=\"auto, (max-width: 526px) 100vw, 526px\" \/><\/div><a class=\"wp-block-latest-posts__post-title\" href=\"https:\/\/www.grupguell.es\/en\/llorenc-galmes-president-del-consell-de-mallorca\/\">Lloren\u00e7 Galmes President del Consell de Mallorca<\/a><time datetime=\"2025-06-16T18:36:41+02:00\" class=\"wp-block-latest-posts__post-date\">16 de June de 2025<\/time><div class=\"wp-block-latest-posts__post-excerpt\"><\/div><\/li>\n<li><div class=\"wp-block-latest-posts__featured-image\"><img loading=\"lazy\" decoding=\"async\" width=\"300\" height=\"300\" src=\"https:\/\/www.grupguell.es\/wp-content\/uploads\/2025\/06\/biel-pepis-y-lys-riera-1.jpg\" class=\"attachment-large size-large wp-post-image\" alt=\"\" style=\"\" srcset=\"https:\/\/www.grupguell.es\/wp-content\/uploads\/2025\/06\/biel-pepis-y-lys-riera-1.jpg 300w, https:\/\/www.grupguell.es\/wp-content\/uploads\/2025\/06\/biel-pepis-y-lys-riera-1-150x150.jpg 150w, https:\/\/www.grupguell.es\/wp-content\/uploads\/2025\/06\/biel-pepis-y-lys-riera-1-100x100.jpg 100w\" sizes=\"auto, (max-width: 300px) 100vw, 300px\" \/><\/div><a class=\"wp-block-latest-posts__post-title\" href=\"https:\/\/www.grupguell.es\/en\/entrevista-miercoles-4-junio-2025-a-biel-serra-pepis\/\">Entrevista mi\u00e9rcoles 4 Junio 2025 a Biel Serra &#8220;Pepis&#8221;<\/a><time datetime=\"2025-06-03T19:38:03+02:00\" class=\"wp-block-latest-posts__post-date\">3 de June de 2025<\/time><div class=\"wp-block-latest-posts__post-excerpt\"><\/div><\/li>\n<li><div class=\"wp-block-latest-posts__featured-image\"><img loading=\"lazy\" decoding=\"async\" width=\"450\" height=\"600\" src=\"https:\/\/www.grupguell.es\/wp-content\/uploads\/2025\/06\/convenio-con-directiva.jpg\" class=\"attachment-large size-large wp-post-image\" alt=\"\" style=\"\" srcset=\"https:\/\/www.grupguell.es\/wp-content\/uploads\/2025\/06\/convenio-con-directiva.jpg 450w, https:\/\/www.grupguell.es\/wp-content\/uploads\/2025\/06\/convenio-con-directiva-225x300.jpg 225w, https:\/\/www.grupguell.es\/wp-content\/uploads\/2025\/06\/convenio-con-directiva-300x400.jpg 300w\" sizes=\"auto, (max-width: 450px) 100vw, 450px\" \/><\/div><a class=\"wp-block-latest-posts__post-title\" href=\"https:\/\/www.grupguell.es\/en\/conveni-de-col%c2%b7laboracio-a-traves-de-la-fundacio-guillem-cifre-de-colonya\/\">Conveni de col\u00b7laboraci\u00f3 a trav\u00e9s de la Fundaci\u00f3 Guillem Cifre de Colonya<\/a><time datetime=\"2025-06-03T19:34:35+02:00\" class=\"wp-block-latest-posts__post-date\">3 de June de 2025<\/time><div class=\"wp-block-latest-posts__post-excerpt\">Colonya i el Grup G\u00fcell &#8211; Marxa des G\u00fcell a Lluc a peu hem signat un conveni de col\u00b7laboraci\u00f3 a trav\u00e9s de la Fundaci\u00f3 Guillem Cifre de Colonya, per donar suport a les seves iniciatives socials i culturals. Entre aquestes destaca la tradicional marxa Des G\u00fcell a Lluc a Peu, una cita molt estimada pels\u2026 <a class=\"wp-block-latest-posts__read-more\" href=\"https:\/\/www.grupguell.es\/en\/conveni-de-col%c2%b7laboracio-a-traves-de-la-fundacio-guillem-cifre-de-colonya\/\" rel=\"noopener noreferrer\">Read more<span class=\"screen-reader-text\">: Conveni de col\u00b7laboraci\u00f3 a trav\u00e9s de la Fundaci\u00f3 Guillem Cifre de Colonya<\/span><\/a><\/div><\/li>\n<li><div class=\"wp-block-latest-posts__featured-image\"><img loading=\"lazy\" decoding=\"async\" width=\"640\" height=\"960\" src=\"https:\/\/www.grupguell.es\/wp-content\/uploads\/2025\/06\/inscripcion-para-la-marxa.jpg\" class=\"attachment-large size-large wp-post-image\" alt=\"\" style=\"\" srcset=\"https:\/\/www.grupguell.es\/wp-content\/uploads\/2025\/06\/inscripcion-para-la-marxa.jpg 683w, https:\/\/www.grupguell.es\/wp-content\/uploads\/2025\/06\/inscripcion-para-la-marxa-200x300.jpg 200w, https:\/\/www.grupguell.es\/wp-content\/uploads\/2025\/06\/inscripcion-para-la-marxa-300x450.jpg 300w\" sizes=\"auto, (max-width: 640px) 100vw, 640px\" \/><\/div><a class=\"wp-block-latest-posts__post-title\" href=\"https:\/\/www.grupguell.es\/en\/ya-te-puedes-apuntar-a-la-marxa\/\">Ya te puedes apuntar a la &#8220;marxa&#8221;<\/a><time datetime=\"2025-06-03T19:30:49+02:00\" class=\"wp-block-latest-posts__post-date\">3 de June de 2025<\/time><div class=\"wp-block-latest-posts__post-excerpt\">Puedes entrar pinchando enlace: https:\/\/www.grupguell.es\/inscripciones\/<\/div><\/li>\n<\/ul>\n\n\n<div class=\"wp-block-buttons is-content-justification-center is-layout-flex wp-container-core-buttons-is-layout-16018d1d wp-block-buttons-is-layout-flex\">\n<div class=\"wp-block-button\"><a class=\"wp-block-button__link wp-element-button\" href=\"https:\/\/www.grupguell.es\/en\/news\/\">News<\/a><\/div>\n<\/div>\n\n\n\n<div style=\"height:110px\" aria-hidden=\"true\" class=\"wp-block-spacer\"><\/div>\n\n\n\n<div class=\"wp-block-columns are-vertically-aligned-center is-layout-flex wp-container-core-columns-is-layout-9d6595d7 wp-block-columns-is-layout-flex\">\n<div class=\"wp-block-column is-vertically-aligned-center is-layout-flow wp-block-column-is-layout-flow\">\n<figure class=\"wp-block-image size-full\"><img loading=\"lazy\" decoding=\"async\" width=\"768\" height=\"735\" src=\"https:\/\/www.grupguell.es\/wp-content\/uploads\/2024\/04\/nuestra-historia.png\" alt=\"\" class=\"wp-image-317\" srcset=\"https:\/\/www.grupguell.es\/wp-content\/uploads\/2024\/04\/nuestra-historia.png 768w, https:\/\/www.grupguell.es\/wp-content\/uploads\/2024\/04\/nuestra-historia-300x287.png 300w\" sizes=\"auto, (max-width: 768px) 100vw, 768px\" \/><\/figure>\n<\/div>\n\n\n\n<div class=\"wp-block-column is-vertically-aligned-center is-layout-flow wp-block-column-is-layout-flow\">\n<h2 class=\"wp-block-heading\">In 1974 a group of friends decided to set out on a march.<\/h2>\n\n\n\n<p>On 17 July 1974, a group of friends decided to set out on a march from the now defunct Bar G\u00fcell to the Monastery of Lluc to thank the Virgin venerated there &#8211; who is the patron saint of Mallorca &#8211; for the fact that a little girl had escaped unharmed in an accident.<\/p>\n\n\n\n<p>One day later, on 18 July 1974, the first march from G\u00fcell to Lluc on foot began, in which around thirty people took part. Since then, it has become the most popular marxa in Mallorca.<\/p>\n<\/div>\n<\/div>\n\n\n<div class=\"rw-logos__container\"><h3 class=\"rw-logos__title\">Our Institutions<\/h3><ul class=\"rw-logos__list\"><li class=\"rw-logos__list--item\"><a href=\"https:\/\/www.dgt.es\/\" target=\"_blank\" title=\"DGT\"><img loading=\"lazy\" decoding=\"async\" width=\"469\" height=\"233\" src=\"https:\/\/www.grupguell.es\/wp-content\/uploads\/2024\/07\/DGT_logo.png\" class=\"attachment-post-thumbnail size-post-thumbnail wp-post-image\" alt=\"\" srcset=\"https:\/\/www.grupguell.es\/wp-content\/uploads\/2024\/07\/DGT_logo.png 469w, https:\/\/www.grupguell.es\/wp-content\/uploads\/2024\/07\/DGT_logo-300x149.png 300w\" sizes=\"auto, (max-width: 469px) 100vw, 469px\" \/><span>DGT<\/span><\/a><\/li><li class=\"rw-logos__list--item\"><img loading=\"lazy\" decoding=\"async\" width=\"630\" height=\"320\" src=\"https:\/\/www.grupguell.es\/wp-content\/uploads\/2024\/05\/fuerzas-armadas.jpg\" class=\"attachment-post-thumbnail size-post-thumbnail wp-post-image\" alt=\"\" srcset=\"https:\/\/www.grupguell.es\/wp-content\/uploads\/2024\/05\/fuerzas-armadas.jpg 630w, https:\/\/www.grupguell.es\/wp-content\/uploads\/2024\/05\/fuerzas-armadas-300x152.jpg 300w\" sizes=\"auto, (max-width: 630px) 100vw, 630px\" \/><\/li><li class=\"rw-logos__list--item\"><img loading=\"lazy\" decoding=\"async\" width=\"125\" height=\"70\" src=\"https:\/\/www.grupguell.es\/wp-content\/uploads\/2024\/04\/SantaMaria.jpg\" class=\"attachment-post-thumbnail size-post-thumbnail wp-post-image\" alt=\"\" \/><\/li><li class=\"rw-logos__list--item\"><img loading=\"lazy\" decoding=\"async\" width=\"283\" height=\"242\" src=\"https:\/\/www.grupguell.es\/wp-content\/uploads\/2024\/04\/policia-nacional.png\" class=\"attachment-post-thumbnail size-post-thumbnail wp-post-image\" alt=\"\" \/><\/li><li class=\"rw-logos__list--item\"><img loading=\"lazy\" decoding=\"async\" width=\"200\" height=\"80\" src=\"https:\/\/www.grupguell.es\/wp-content\/uploads\/2024\/04\/Logo-Consell-de-Mallorca_gran.png\" class=\"attachment-post-thumbnail size-post-thumbnail wp-post-image\" alt=\"\" \/><\/li><li class=\"rw-logos__list--item\"><img loading=\"lazy\" decoding=\"async\" width=\"300\" height=\"188\" src=\"https:\/\/www.grupguell.es\/wp-content\/uploads\/2024\/04\/Logo-Aj-Inca-300x188-1.png\" class=\"attachment-post-thumbnail size-post-thumbnail wp-post-image\" alt=\"\" \/><\/li><li class=\"rw-logos__list--item\"><img loading=\"lazy\" decoding=\"async\" width=\"200\" height=\"92\" src=\"https:\/\/www.grupguell.es\/wp-content\/uploads\/2024\/04\/logo-aj_binissalem-disset.png\" class=\"attachment-post-thumbnail size-post-thumbnail wp-post-image\" alt=\"\" \/><\/li><li class=\"rw-logos__list--item\"><img loading=\"lazy\" decoding=\"async\" width=\"200\" height=\"111\" src=\"https:\/\/www.grupguell.es\/wp-content\/uploads\/2024\/04\/logo_2.png\" class=\"attachment-post-thumbnail size-post-thumbnail wp-post-image\" alt=\"\" \/><\/li><li class=\"rw-logos__list--item\"><img loading=\"lazy\" decoding=\"async\" width=\"300\" height=\"165\" src=\"https:\/\/www.grupguell.es\/wp-content\/uploads\/2024\/04\/guardia-civil-300x165-1.png\" class=\"attachment-post-thumbnail size-post-thumbnail wp-post-image\" alt=\"\" \/><\/li><li class=\"rw-logos__list--item\"><img loading=\"lazy\" decoding=\"async\" width=\"200\" height=\"85\" src=\"https:\/\/www.grupguell.es\/wp-content\/uploads\/2024\/04\/EscutCurtMagenta_emails.png\" class=\"attachment-post-thumbnail size-post-thumbnail wp-post-image\" alt=\"\" \/><\/li><li class=\"rw-logos__list--item\"><img loading=\"lazy\" decoding=\"async\" width=\"300\" height=\"134\" src=\"https:\/\/www.grupguell.es\/wp-content\/uploads\/2024\/04\/escorca-300x134-1.png\" class=\"attachment-post-thumbnail size-post-thumbnail wp-post-image\" alt=\"\" \/><\/li><li class=\"rw-logos__list--item\"><img loading=\"lazy\" decoding=\"async\" width=\"200\" height=\"114\" src=\"https:\/\/www.grupguell.es\/wp-content\/uploads\/2024\/04\/descarga-2.png\" class=\"attachment-post-thumbnail size-post-thumbnail wp-post-image\" alt=\"\" \/><\/li><li class=\"rw-logos__list--item\"><a href=\"https:\/\/www.caib.es\/webgoib\/\" target=\"_blank\" title=\"Govern Illes Balears\"><img loading=\"lazy\" decoding=\"async\" width=\"300\" height=\"300\" src=\"https:\/\/www.grupguell.es\/wp-content\/uploads\/2024\/04\/delegacion-gob-300x300-1.png\" class=\"attachment-post-thumbnail size-post-thumbnail wp-post-image\" alt=\"\" srcset=\"https:\/\/www.grupguell.es\/wp-content\/uploads\/2024\/04\/delegacion-gob-300x300-1.png 300w, https:\/\/www.grupguell.es\/wp-content\/uploads\/2024\/04\/delegacion-gob-300x300-1-150x150.png 150w, https:\/\/www.grupguell.es\/wp-content\/uploads\/2024\/04\/delegacion-gob-300x300-1-100x100.png 100w\" sizes=\"auto, (max-width: 300px) 100vw, 300px\" \/><span>Govern Illes Balears<\/span><\/a><\/li><li class=\"rw-logos__list--item\"><img loading=\"lazy\" decoding=\"async\" width=\"200\" height=\"114\" src=\"https:\/\/www.grupguell.es\/wp-content\/uploads\/2024\/04\/Bunyola-noticia-portada.jpg\" class=\"attachment-post-thumbnail size-post-thumbnail wp-post-image\" alt=\"\" \/><\/li><li class=\"rw-logos__list--item\"><img loading=\"lazy\" decoding=\"async\" width=\"165\" height=\"70\" src=\"https:\/\/www.grupguell.es\/wp-content\/uploads\/2024\/04\/ayuntamiento-de-palma-logo-1015902465-seeklogo.com_-1.png\" class=\"attachment-post-thumbnail size-post-thumbnail wp-post-image\" alt=\"\" \/><\/li><li class=\"rw-logos__list--item\"><img loading=\"lazy\" decoding=\"async\" width=\"300\" height=\"147\" src=\"https:\/\/www.grupguell.es\/wp-content\/uploads\/2024\/04\/alcudia-300x147-1.png\" class=\"attachment-post-thumbnail size-post-thumbnail wp-post-image\" alt=\"\" \/><\/li><li class=\"rw-logos__list--item\"><img loading=\"lazy\" decoding=\"async\" width=\"200\" height=\"107\" src=\"https:\/\/www.grupguell.es\/wp-content\/uploads\/2024\/04\/ajuntament-de-consell_0.png\" class=\"attachment-post-thumbnail size-post-thumbnail wp-post-image\" alt=\"\" \/><\/li><li class=\"rw-logos__list--item\"><img loading=\"lazy\" decoding=\"async\" width=\"200\" height=\"138\" src=\"https:\/\/www.grupguell.es\/wp-content\/uploads\/2024\/04\/ajselva-300x207-1.jpg\" class=\"attachment-post-thumbnail size-post-thumbnail wp-post-image\" alt=\"\" \/><\/li><li class=\"rw-logos__list--item\"><img loading=\"lazy\" decoding=\"async\" width=\"200\" height=\"138\" src=\"https:\/\/www.grupguell.es\/wp-content\/uploads\/2024\/04\/ajalaro-300x207-1.jpg\" class=\"attachment-post-thumbnail size-post-thumbnail wp-post-image\" alt=\"\" \/><\/li><li class=\"rw-logos__list--item\"><img loading=\"lazy\" decoding=\"async\" width=\"225\" height=\"225\" src=\"https:\/\/www.grupguell.es\/wp-content\/uploads\/2024\/04\/1205572460596909.eW39kBboMCxuabs5XHKQ_height640-1.png\" class=\"attachment-post-thumbnail size-post-thumbnail wp-post-image\" alt=\"\" srcset=\"https:\/\/www.grupguell.es\/wp-content\/uploads\/2024\/04\/1205572460596909.eW39kBboMCxuabs5XHKQ_height640-1.png 225w, https:\/\/www.grupguell.es\/wp-content\/uploads\/2024\/04\/1205572460596909.eW39kBboMCxuabs5XHKQ_height640-1-150x150.png 150w, https:\/\/www.grupguell.es\/wp-content\/uploads\/2024\/04\/1205572460596909.eW39kBboMCxuabs5XHKQ_height640-1-100x100.png 100w\" sizes=\"auto, (max-width: 225px) 100vw, 225px\" \/><\/li><li class=\"rw-logos__list--item\"><img loading=\"lazy\" decoding=\"async\" width=\"300\" height=\"300\" src=\"https:\/\/www.grupguell.es\/wp-content\/uploads\/2024\/04\/1205572460596907.l0Gx32w5E5SATO8BWmKp_height640-300x300-1.png\" class=\"attachment-post-thumbnail size-post-thumbnail wp-post-image\" alt=\"\" srcset=\"https:\/\/www.grupguell.es\/wp-content\/uploads\/2024\/04\/1205572460596907.l0Gx32w5E5SATO8BWmKp_height640-300x300-1.png 300w, https:\/\/www.grupguell.es\/wp-content\/uploads\/2024\/04\/1205572460596907.l0Gx32w5E5SATO8BWmKp_height640-300x300-1-150x150.png 150w, https:\/\/www.grupguell.es\/wp-content\/uploads\/2024\/04\/1205572460596907.l0Gx32w5E5SATO8BWmKp_height640-300x300-1-100x100.png 100w\" sizes=\"auto, (max-width: 300px) 100vw, 300px\" \/><\/li><\/ul><h3 class=\"rw-logos__title\">Our sponsors<\/h3><ul class=\"rw-logos__list\"><li class=\"rw-logos__list--item\"><img loading=\"lazy\" decoding=\"async\" width=\"376\" height=\"78\" src=\"https:\/\/www.grupguell.es\/wp-content\/uploads\/2026\/02\/refineria.svg\" class=\"attachment-post-thumbnail size-post-thumbnail wp-post-image\" alt=\"\" \/><\/li><li class=\"rw-logos__list--item\"><a href=\"https:\/\/www.rcdmallorca.es\/\" target=\"_blank\" title=\"Real Club Deportivo Mallorca\"><img loading=\"lazy\" decoding=\"async\" width=\"2000\" height=\"2638\" src=\"https:\/\/www.grupguell.es\/wp-content\/uploads\/2024\/06\/Rcd_mallorca.png\" class=\"attachment-post-thumbnail size-post-thumbnail wp-post-image\" alt=\"\" srcset=\"https:\/\/www.grupguell.es\/wp-content\/uploads\/2024\/06\/Rcd_mallorca.png 2000w, https:\/\/www.grupguell.es\/wp-content\/uploads\/2024\/06\/Rcd_mallorca-227x300.png 227w, https:\/\/www.grupguell.es\/wp-content\/uploads\/2024\/06\/Rcd_mallorca-776x1024.png 776w, https:\/\/www.grupguell.es\/wp-content\/uploads\/2024\/06\/Rcd_mallorca-768x1013.png 768w, https:\/\/www.grupguell.es\/wp-content\/uploads\/2024\/06\/Rcd_mallorca-1165x1536.png 1165w, https:\/\/www.grupguell.es\/wp-content\/uploads\/2024\/06\/Rcd_mallorca-1553x2048.png 1553w, https:\/\/www.grupguell.es\/wp-content\/uploads\/2024\/06\/Rcd_mallorca-300x396.png 300w\" sizes=\"auto, (max-width: 2000px) 100vw, 2000px\" \/><span>Real Club Deportivo Mallorca<\/span><\/a><\/li><li class=\"rw-logos__list--item\"><img loading=\"lazy\" decoding=\"async\" width=\"200\" height=\"66\" src=\"https:\/\/www.grupguell.es\/wp-content\/uploads\/2024\/04\/svg4.png\" class=\"attachment-post-thumbnail size-post-thumbnail wp-post-image\" alt=\"\" \/><\/li><li class=\"rw-logos__list--item\"><img loading=\"lazy\" decoding=\"async\" width=\"279\" height=\"84\" src=\"https:\/\/www.grupguell.es\/wp-content\/uploads\/2024\/04\/Rectangle-6.png\" class=\"attachment-post-thumbnail size-post-thumbnail wp-post-image\" alt=\"\" \/><\/li><li class=\"rw-logos__list--item\"><img loading=\"lazy\" decoding=\"async\" width=\"300\" height=\"103\" src=\"https:\/\/www.grupguell.es\/wp-content\/uploads\/2024\/04\/Logotip_Colonya_Caixa_Pollenca-300x103-1.png\" class=\"attachment-post-thumbnail size-post-thumbnail wp-post-image\" alt=\"\" \/><\/li><li class=\"rw-logos__list--item\"><img loading=\"lazy\" decoding=\"async\" width=\"300\" height=\"110\" src=\"https:\/\/www.grupguell.es\/wp-content\/uploads\/2024\/04\/guillem-cifre-300x110-1.jpg\" class=\"attachment-post-thumbnail size-post-thumbnail wp-post-image\" alt=\"\" \/><\/li><li class=\"rw-logos__list--item\"><img loading=\"lazy\" decoding=\"async\" width=\"300\" height=\"75\" src=\"https:\/\/www.grupguell.es\/wp-content\/uploads\/2024\/04\/Eroski_logo.svg_-300x75-1.png\" class=\"attachment-post-thumbnail size-post-thumbnail wp-post-image\" alt=\"\" \/><\/li><li class=\"rw-logos__list--item\"><img loading=\"lazy\" decoding=\"async\" width=\"148\" height=\"84\" src=\"https:\/\/www.grupguell.es\/wp-content\/uploads\/2024\/04\/caixa2-1-1-1.png\" class=\"attachment-post-thumbnail size-post-thumbnail wp-post-image\" alt=\"\" \/><\/li><li class=\"rw-logos__list--item\"><img loading=\"lazy\" decoding=\"async\" width=\"300\" height=\"63\" src=\"https:\/\/www.grupguell.es\/wp-content\/uploads\/2024\/04\/Cafe-Rico-logo_Positivo-300x63-1.png\" class=\"attachment-post-thumbnail size-post-thumbnail wp-post-image\" alt=\"\" \/><\/li><li class=\"rw-logos__list--item\"><img loading=\"lazy\" decoding=\"async\" width=\"296\" height=\"173\" src=\"https:\/\/www.grupguell.es\/wp-content\/uploads\/2024\/04\/Mercapalma-300x173-1.png\" class=\"attachment-post-thumbnail size-post-thumbnail wp-post-image\" alt=\"\" \/><\/li><\/ul><h3 class=\"rw-logos__title\">Our partners<\/h3><ul class=\"rw-logos__list\"><li class=\"rw-logos__list--item\"><img loading=\"lazy\" decoding=\"async\" width=\"764\" height=\"342\" src=\"https:\/\/www.grupguell.es\/wp-content\/uploads\/2024\/05\/logo-ecoembes-2.png\" class=\"attachment-post-thumbnail size-post-thumbnail wp-post-image\" alt=\"\" srcset=\"https:\/\/www.grupguell.es\/wp-content\/uploads\/2024\/05\/logo-ecoembes-2.png 764w, https:\/\/www.grupguell.es\/wp-content\/uploads\/2024\/05\/logo-ecoembes-2-300x134.png 300w\" sizes=\"auto, (max-width: 764px) 100vw, 764px\" \/><\/li><li class=\"rw-logos__list--item\"><img loading=\"lazy\" decoding=\"async\" width=\"300\" height=\"94\" src=\"https:\/\/www.grupguell.es\/wp-content\/uploads\/2024\/04\/sfm-300x94-1.png\" class=\"attachment-post-thumbnail size-post-thumbnail wp-post-image\" alt=\"\" \/><\/li><li class=\"rw-logos__list--item\"><img loading=\"lazy\" decoding=\"async\" width=\"300\" height=\"167\" src=\"https:\/\/www.grupguell.es\/wp-content\/uploads\/2024\/04\/quely-300x167-1.jpg\" class=\"attachment-post-thumbnail size-post-thumbnail wp-post-image\" alt=\"\" \/><\/li><li class=\"rw-logos__list--item\"><img loading=\"lazy\" decoding=\"async\" width=\"3402\" height=\"1134\" src=\"https:\/\/www.grupguell.es\/wp-content\/uploads\/2024\/04\/LOGO-ML-2024-TURQUESA-1.png\" class=\"attachment-post-thumbnail size-post-thumbnail wp-post-image\" alt=\"\" srcset=\"https:\/\/www.grupguell.es\/wp-content\/uploads\/2024\/04\/LOGO-ML-2024-TURQUESA-1.png 3402w, https:\/\/www.grupguell.es\/wp-content\/uploads\/2024\/04\/LOGO-ML-2024-TURQUESA-1-300x100.png 300w, https:\/\/www.grupguell.es\/wp-content\/uploads\/2024\/04\/LOGO-ML-2024-TURQUESA-1-1024x341.png 1024w, https:\/\/www.grupguell.es\/wp-content\/uploads\/2024\/04\/LOGO-ML-2024-TURQUESA-1-768x256.png 768w, https:\/\/www.grupguell.es\/wp-content\/uploads\/2024\/04\/LOGO-ML-2024-TURQUESA-1-1536x512.png 1536w, https:\/\/www.grupguell.es\/wp-content\/uploads\/2024\/04\/LOGO-ML-2024-TURQUESA-1-2048x683.png 2048w\" sizes=\"auto, (max-width: 3402px) 100vw, 3402px\" \/><\/li><li class=\"rw-logos__list--item\"><\/li><li class=\"rw-logos__list--item\"><img loading=\"lazy\" decoding=\"async\" width=\"300\" height=\"82\" src=\"https:\/\/www.grupguell.es\/wp-content\/uploads\/2024\/04\/macia-batle-300x82-1.png\" class=\"attachment-post-thumbnail size-post-thumbnail wp-post-image\" alt=\"\" \/><\/li><li class=\"rw-logos__list--item\"><img loading=\"lazy\" decoding=\"async\" width=\"205\" height=\"107\" src=\"https:\/\/www.grupguell.es\/wp-content\/uploads\/2024\/04\/emt.png\" class=\"attachment-post-thumbnail size-post-thumbnail wp-post-image\" alt=\"\" \/><\/li><li class=\"rw-logos__list--item\"><img loading=\"lazy\" decoding=\"async\" width=\"255\" height=\"165\" src=\"https:\/\/www.grupguell.es\/wp-content\/uploads\/2024\/04\/colegio-fisioterapeutas.png\" class=\"attachment-post-thumbnail size-post-thumbnail wp-post-image\" alt=\"\" \/><\/li><li class=\"rw-logos__list--item\"><img loading=\"lazy\" decoding=\"async\" width=\"443\" height=\"114\" src=\"https:\/\/www.grupguell.es\/wp-content\/uploads\/2024\/06\/autovidal.png\" class=\"attachment-post-thumbnail size-post-thumbnail wp-post-image\" alt=\"\" srcset=\"https:\/\/www.grupguell.es\/wp-content\/uploads\/2024\/06\/autovidal.png 443w, https:\/\/www.grupguell.es\/wp-content\/uploads\/2024\/06\/autovidal-300x77.png 300w\" sizes=\"auto, (max-width: 443px) 100vw, 443px\" \/><\/li><li class=\"rw-logos__list--item\"><img loading=\"lazy\" decoding=\"async\" width=\"362\" height=\"328\" src=\"https:\/\/www.grupguell.es\/wp-content\/uploads\/2025\/05\/motorisa.jpg\" class=\"attachment-post-thumbnail size-post-thumbnail wp-post-image\" alt=\"\" srcset=\"https:\/\/www.grupguell.es\/wp-content\/uploads\/2025\/05\/motorisa.jpg 362w, https:\/\/www.grupguell.es\/wp-content\/uploads\/2025\/05\/motorisa-300x272.jpg 300w\" sizes=\"auto, (max-width: 362px) 100vw, 362px\" \/><\/li><li class=\"rw-logos__list--item\"><img loading=\"lazy\" decoding=\"async\" width=\"2560\" height=\"665\" src=\"https:\/\/www.grupguell.es\/wp-content\/uploads\/2025\/05\/LOGO-BLANCO514_-1-scaled.png\" class=\"attachment-post-thumbnail size-post-thumbnail wp-post-image\" alt=\"\" srcset=\"https:\/\/www.grupguell.es\/wp-content\/uploads\/2025\/05\/LOGO-BLANCO514_-1-scaled.png 2560w, https:\/\/www.grupguell.es\/wp-content\/uploads\/2025\/05\/LOGO-BLANCO514_-1-300x78.png 300w, https:\/\/www.grupguell.es\/wp-content\/uploads\/2025\/05\/LOGO-BLANCO514_-1-1024x266.png 1024w, https:\/\/www.grupguell.es\/wp-content\/uploads\/2025\/05\/LOGO-BLANCO514_-1-768x199.png 768w, https:\/\/www.grupguell.es\/wp-content\/uploads\/2025\/05\/LOGO-BLANCO514_-1-1536x399.png 1536w, https:\/\/www.grupguell.es\/wp-content\/uploads\/2025\/05\/LOGO-BLANCO514_-1-2048x532.png 2048w\" sizes=\"auto, (max-width: 2560px) 100vw, 2560px\" \/><\/li><\/ul><h3 class=\"rw-logos__title\">Our media<\/h3><ul class=\"rw-logos__list\"><li class=\"rw-logos__list--item\"><img loading=\"lazy\" decoding=\"async\" width=\"300\" height=\"196\" src=\"https:\/\/www.grupguell.es\/wp-content\/uploads\/2024\/04\/ultima-hora-mallorca-300x196-1.jpg\" class=\"attachment-post-thumbnail size-post-thumbnail wp-post-image\" alt=\"\" \/><\/li><li class=\"rw-logos__list--item\"><img loading=\"lazy\" decoding=\"async\" width=\"119\" height=\"83\" src=\"https:\/\/www.grupguell.es\/wp-content\/uploads\/2024\/04\/Rectangle-13-1.png\" class=\"attachment-post-thumbnail size-post-thumbnail wp-post-image\" alt=\"\" \/><\/li><li class=\"rw-logos__list--item\"><img loading=\"lazy\" decoding=\"async\" width=\"300\" height=\"300\" src=\"https:\/\/www.grupguell.es\/wp-content\/uploads\/2024\/04\/radio-balear-300x300-1.png\" class=\"attachment-post-thumbnail size-post-thumbnail wp-post-image\" alt=\"\" srcset=\"https:\/\/www.grupguell.es\/wp-content\/uploads\/2024\/04\/radio-balear-300x300-1.png 300w, https:\/\/www.grupguell.es\/wp-content\/uploads\/2024\/04\/radio-balear-300x300-1-150x150.png 150w, https:\/\/www.grupguell.es\/wp-content\/uploads\/2024\/04\/radio-balear-300x300-1-100x100.png 100w\" sizes=\"auto, (max-width: 300px) 100vw, 300px\" \/><\/li><li class=\"rw-logos__list--item\"><img loading=\"lazy\" decoding=\"async\" width=\"300\" height=\"230\" src=\"https:\/\/www.grupguell.es\/wp-content\/uploads\/2024\/04\/onda-cero-300x230-1.png\" class=\"attachment-post-thumbnail size-post-thumbnail wp-post-image\" alt=\"\" \/><\/li><li class=\"rw-logos__list--item\"><img loading=\"lazy\" decoding=\"async\" width=\"200\" height=\"40\" src=\"https:\/\/www.grupguell.es\/wp-content\/uploads\/2024\/04\/logo-diariodemallorca.png\" class=\"attachment-post-thumbnail size-post-thumbnail wp-post-image\" alt=\"\" \/><\/li><li class=\"rw-logos__list--item\"><img loading=\"lazy\" decoding=\"async\" width=\"300\" height=\"133\" src=\"https:\/\/www.grupguell.es\/wp-content\/uploads\/2024\/04\/ib3-tv-logo-300x133-1.jpg\" class=\"attachment-post-thumbnail size-post-thumbnail wp-post-image\" alt=\"\" \/><\/li><li class=\"rw-logos__list--item\"><img loading=\"lazy\" decoding=\"async\" width=\"300\" height=\"132\" src=\"https:\/\/www.grupguell.es\/wp-content\/uploads\/2024\/04\/IB3_radio_logo-300x132-1.jpg\" class=\"attachment-post-thumbnail size-post-thumbnail wp-post-image\" alt=\"\" \/><\/li><li class=\"rw-logos__list--item\"><img loading=\"lazy\" decoding=\"async\" width=\"200\" height=\"33\" src=\"https:\/\/www.grupguell.es\/wp-content\/uploads\/2024\/04\/descarga-1.png\" class=\"attachment-post-thumbnail size-post-thumbnail wp-post-image\" alt=\"\" \/><\/li><li class=\"rw-logos__list--item\"><img loading=\"lazy\" decoding=\"async\" width=\"300\" height=\"157\" src=\"https:\/\/www.grupguell.es\/wp-content\/uploads\/2024\/04\/fibwi-300x157-1.png\" class=\"attachment-post-thumbnail size-post-thumbnail wp-post-image\" alt=\"\" \/><\/li><li class=\"rw-logos__list--item\"><img loading=\"lazy\" decoding=\"async\" width=\"320\" height=\"110\" src=\"https:\/\/www.grupguell.es\/wp-content\/uploads\/2024\/06\/CANAL-4.png\" class=\"attachment-post-thumbnail size-post-thumbnail wp-post-image\" alt=\"\" srcset=\"https:\/\/www.grupguell.es\/wp-content\/uploads\/2024\/06\/CANAL-4.png 320w, https:\/\/www.grupguell.es\/wp-content\/uploads\/2024\/06\/CANAL-4-300x103.png 300w\" sizes=\"auto, (max-width: 320px) 100vw, 320px\" \/><\/li><li class=\"rw-logos__list--item\"><img loading=\"lazy\" decoding=\"async\" width=\"150\" height=\"150\" src=\"https:\/\/www.grupguell.es\/wp-content\/uploads\/2024\/06\/MURTA.png\" class=\"attachment-post-thumbnail size-post-thumbnail wp-post-image\" alt=\"\" srcset=\"https:\/\/www.grupguell.es\/wp-content\/uploads\/2024\/06\/MURTA.png 150w, https:\/\/www.grupguell.es\/wp-content\/uploads\/2024\/06\/MURTA-100x100.png 100w\" sizes=\"auto, (max-width: 150px) 100vw, 150px\" \/><\/li><\/ul><\/div>\n\n\n\n<div class=\"wp-block-columns banner-voluntarios voluntarios-hero full-width is-layout-flex wp-container-core-columns-is-layout-9d6595d7 wp-block-columns-is-layout-flex\">\n<div class=\"wp-block-column content-center-wrapper is-layout-flow wp-block-column-is-layout-flow\">\n<h4 class=\"wp-block-heading text-subtitle\">Join this project with more than 51 years of history.<\/h4>\n\n\n\n<h3 class=\"wp-block-heading\">Become a volunteer<\/h3>\n\n\n\n<p>If you are interested in volunteering. Write to us by email with your name and phone number and we will contact you for volunteering.<\/p>\n\n\n\n<div class=\"wp-block-buttons is-layout-flex wp-block-buttons-is-layout-flex\">\n<div class=\"wp-block-button\"><a class=\"wp-block-button__link wp-element-button\" href=\"https:\/\/www.grupguell.es\/en\/volunteers\/\">I want to volunteer<\/a><\/div>\n<\/div>\n<\/div>\n<\/div>\n","protected":false},"excerpt":{"rendered":"<p>Discover all our new products In 1974 a group of friends decided to set out on a march. On 17 July 1974, a group of friends decided to set out on a march from the now defunct Bar G\u00fcell to the Monastery of Lluc to thank the Virgin venerated there &#8211; who is the patron [&hellip;]<\/p>\n","protected":false},"author":1,"featured_media":0,"parent":0,"menu_order":0,"comment_status":"closed","ping_status":"closed","template":"page-header.php","meta":{"inline_featured_image":false,"footnotes":""},"class_list":["post-15562","page","type-page","status-publish","hentry"],"_links":{"self":[{"href":"https:\/\/www.grupguell.es\/en\/wp-json\/wp\/v2\/pages\/15562","targetHints":{"allow":["GET"]}}],"collection":[{"href":"https:\/\/www.grupguell.es\/en\/wp-json\/wp\/v2\/pages"}],"about":[{"href":"https:\/\/www.grupguell.es\/en\/wp-json\/wp\/v2\/types\/page"}],"author":[{"embeddable":true,"href":"https:\/\/www.grupguell.es\/en\/wp-json\/wp\/v2\/users\/1"}],"replies":[{"embeddable":true,"href":"https:\/\/www.grupguell.es\/en\/wp-json\/wp\/v2\/comments?post=15562"}],"version-history":[{"count":39,"href":"https:\/\/www.grupguell.es\/en\/wp-json\/wp\/v2\/pages\/15562\/revisions"}],"predecessor-version":[{"id":26638,"href":"https:\/\/www.grupguell.es\/en\/wp-json\/wp\/v2\/pages\/15562\/revisions\/26638"}],"wp:attachment":[{"href":"https:\/\/www.grupguell.es\/en\/wp-json\/wp\/v2\/media?parent=15562"}],"curies":[{"name":"wp","href":"https:\/\/api.w.org\/{rel}","templated":true}]}}