{"id":15615,"date":"2024-03-13T09:25:04","date_gmt":"2024-03-13T08:25:04","guid":{"rendered":"https:\/\/www.grupguell.es\/voluntaris\/"},"modified":"2024-04-30T12:50:25","modified_gmt":"2024-04-30T10:50:25","slug":"voluntaris","status":"publish","type":"page","link":"https:\/\/www.grupguell.es\/ca\/voluntaris\/","title":{"rendered":"Voluntaris"},"content":{"rendered":"\n<div class=\"wp-block-columns voluntarios-hero  full-width is-layout-flex wp-container-core-columns-is-layout-9d6595d7 wp-block-columns-is-layout-flex\">\n<div class=\"wp-block-column content-center-wrapper is-layout-flow wp-block-column-is-layout-flow\">\n<h4 class=\"wp-block-heading text-subtitle\">Suma&#8217;t a aquest projecte amb m\u00e9s de 50 anys d&#8217;hist\u00f2ria<\/h4>\n\n\n\n<h1 class=\"wp-block-heading\">Fes-te voluntari<\/h1>\n\n\n\n<p>Si est\u00e0s interessat a ser voluntari. Escriu-nos al correu <a href=\"mailto:grupguellvoluntarios@gmail.com\">grupguellvoluntarios@gmail.com<\/a>, amb el teu nom i n\u00famero de tel\u00e8fon i et contactarem per al voluntariat.<\/p>\n<\/div>\n<\/div>\n\n<div class=\"wp-block-columns are-vertically-aligned-center is-layout-flex wp-container-core-columns-is-layout-9d6595d7 wp-block-columns-is-layout-flex\">\n<div class=\"wp-block-column is-vertically-aligned-center is-layout-flow wp-block-column-is-layout-flow\">\n<figure class=\"wp-block-image size-full\"><img loading=\"lazy\" decoding=\"async\" width=\"768\" height=\"735\" src=\"https:\/\/www.grupguell.es\/wp-content\/uploads\/2024\/04\/voluntarios-1.png\" alt=\"\" class=\"wp-image-334\" srcset=\"https:\/\/www.grupguell.es\/wp-content\/uploads\/2024\/04\/voluntarios-1.png 768w, https:\/\/www.grupguell.es\/wp-content\/uploads\/2024\/04\/voluntarios-1-300x287.png 300w\" sizes=\"auto, (max-width: 768px) 100vw, 768px\" \/><\/figure>\n<\/div>\n\n\n\n<div class=\"wp-block-column is-vertically-aligned-center is-layout-flow wp-block-column-is-layout-flow\">\n<h3 class=\"wp-block-heading\">Amb tu arribarem m\u00e9s lluny<\/h3>\n\n\n\n<p>\u00c9s G\u00fcell a Lluc a Peu cerca voluntaris que vulguin col\u00b7laborar en la Marxa m\u00e9s popular de Mallorca. Busquem dos perfils de voluntaris. Informa&#8217;t i forma part de la marxa m\u00e9s popular de Mallorca.<\/p>\n\n\n\n<div class=\"wp-block-buttons is-layout-flex wp-block-buttons-is-layout-flex\">\n<div class=\"wp-block-button\"><a class=\"wp-block-button__link wp-element-button\" href=\"mailto:grupguellvoluntarios@gmail.com\">Escriu-nos<\/a><\/div>\n<\/div>\n<\/div>\n<\/div>\n\n<div class=\"wp-block-columns gallery-hero full-width is-layout-flex wp-container-core-columns-is-layout-9d6595d7 wp-block-columns-is-layout-flex\">\n<div class=\"wp-block-column content-center-wrapper is-layout-flow wp-block-column-is-layout-flow\" style=\"flex-basis:100%\">\n<div class=\"wp-block-group\"><div class=\"wp-block-group__inner-container is-layout-constrained wp-block-group-is-layout-constrained\">\n<h2 class=\"wp-block-heading\">Suma&#8217;t a aquest projecte amb m\u00e9s de 50 anys d&#8217;hist\u00f2ria<\/h2>\n\n\n\n<figure class=\"wp-block-gallery has-nested-images columns-default is-cropped wp-block-gallery-1 is-layout-flex wp-block-gallery-is-layout-flex\">\n<figure class=\"wp-block-image size-large\"><img loading=\"lazy\" decoding=\"async\" width=\"320\" height=\"321\" data-id=\"15708\" src=\"https:\/\/www.grupguell.es\/wp-content\/uploads\/2024\/04\/Image1.png\" alt=\"\" class=\"wp-image-15708\" srcset=\"https:\/\/www.grupguell.es\/wp-content\/uploads\/2024\/04\/Image1.png 320w, https:\/\/www.grupguell.es\/wp-content\/uploads\/2024\/04\/Image1-300x301.png 300w, https:\/\/www.grupguell.es\/wp-content\/uploads\/2024\/04\/Image1-150x150.png 150w, https:\/\/www.grupguell.es\/wp-content\/uploads\/2024\/04\/Image1-100x100.png 100w\" sizes=\"auto, (max-width: 320px) 100vw, 320px\" \/><\/figure>\n\n\n\n<figure class=\"wp-block-image size-large\"><img loading=\"lazy\" decoding=\"async\" width=\"320\" height=\"321\" data-id=\"15705\" src=\"https:\/\/www.grupguell.es\/wp-content\/uploads\/2024\/04\/Image2.png\" alt=\"\" class=\"wp-image-15705\" srcset=\"https:\/\/www.grupguell.es\/wp-content\/uploads\/2024\/04\/Image2.png 320w, https:\/\/www.grupguell.es\/wp-content\/uploads\/2024\/04\/Image2-300x301.png 300w, https:\/\/www.grupguell.es\/wp-content\/uploads\/2024\/04\/Image2-150x150.png 150w, https:\/\/www.grupguell.es\/wp-content\/uploads\/2024\/04\/Image2-100x100.png 100w\" sizes=\"auto, (max-width: 320px) 100vw, 320px\" \/><\/figure>\n\n\n\n<figure class=\"wp-block-image size-large\"><img loading=\"lazy\" decoding=\"async\" width=\"320\" height=\"321\" data-id=\"15714\" src=\"https:\/\/www.grupguell.es\/wp-content\/uploads\/2024\/04\/Image3.png\" alt=\"\" class=\"wp-image-15714\" srcset=\"https:\/\/www.grupguell.es\/wp-content\/uploads\/2024\/04\/Image3.png 320w, https:\/\/www.grupguell.es\/wp-content\/uploads\/2024\/04\/Image3-300x301.png 300w, https:\/\/www.grupguell.es\/wp-content\/uploads\/2024\/04\/Image3-150x150.png 150w, https:\/\/www.grupguell.es\/wp-content\/uploads\/2024\/04\/Image3-100x100.png 100w\" sizes=\"auto, (max-width: 320px) 100vw, 320px\" \/><\/figure>\n\n\n\n<figure class=\"wp-block-image size-large\"><img loading=\"lazy\" decoding=\"async\" width=\"320\" height=\"321\" data-id=\"15717\" src=\"https:\/\/www.grupguell.es\/wp-content\/uploads\/2024\/04\/Image4.png\" alt=\"\" class=\"wp-image-15717\" srcset=\"https:\/\/www.grupguell.es\/wp-content\/uploads\/2024\/04\/Image4.png 320w, https:\/\/www.grupguell.es\/wp-content\/uploads\/2024\/04\/Image4-300x301.png 300w, https:\/\/www.grupguell.es\/wp-content\/uploads\/2024\/04\/Image4-150x150.png 150w, https:\/\/www.grupguell.es\/wp-content\/uploads\/2024\/04\/Image4-100x100.png 100w\" sizes=\"auto, (max-width: 320px) 100vw, 320px\" \/><\/figure>\n\n\n\n<figure class=\"wp-block-image size-large\"><img loading=\"lazy\" decoding=\"async\" width=\"321\" height=\"321\" data-id=\"15711\" src=\"https:\/\/www.grupguell.es\/wp-content\/uploads\/2024\/04\/Image5.png\" alt=\"\" class=\"wp-image-15711\" srcset=\"https:\/\/www.grupguell.es\/wp-content\/uploads\/2024\/04\/Image5.png 321w, https:\/\/www.grupguell.es\/wp-content\/uploads\/2024\/04\/Image5-300x300.png 300w, https:\/\/www.grupguell.es\/wp-content\/uploads\/2024\/04\/Image5-150x150.png 150w, https:\/\/www.grupguell.es\/wp-content\/uploads\/2024\/04\/Image5-100x100.png 100w\" sizes=\"auto, (max-width: 321px) 100vw, 321px\" \/><\/figure>\n\n\n\n<figure class=\"wp-block-image size-large\"><img loading=\"lazy\" decoding=\"async\" width=\"319\" height=\"321\" data-id=\"15720\" src=\"https:\/\/www.grupguell.es\/wp-content\/uploads\/2024\/04\/Image6.png\" alt=\"\" class=\"wp-image-15720\" srcset=\"https:\/\/www.grupguell.es\/wp-content\/uploads\/2024\/04\/Image6.png 319w, https:\/\/www.grupguell.es\/wp-content\/uploads\/2024\/04\/Image6-298x300.png 298w, https:\/\/www.grupguell.es\/wp-content\/uploads\/2024\/04\/Image6-150x150.png 150w, https:\/\/www.grupguell.es\/wp-content\/uploads\/2024\/04\/Image6-300x302.png 300w, https:\/\/www.grupguell.es\/wp-content\/uploads\/2024\/04\/Image6-100x100.png 100w\" sizes=\"auto, (max-width: 319px) 100vw, 319px\" \/><\/figure>\n<\/figure>\n<\/div><\/div>\n<\/div>\n<\/div>\n","protected":false},"excerpt":{"rendered":"<p>Suma&#8217;t a aquest projecte amb m\u00e9s de 50 anys d&#8217;hist\u00f2ria Fes-te voluntari Si est\u00e0s interessat a ser voluntari. Escriu-nos al correu grupguellvoluntarios@gmail.com, amb el teu nom i n\u00famero de tel\u00e8fon i et contactarem per al voluntariat. Amb tu arribarem m\u00e9s lluny \u00c9s G\u00fcell a Lluc a Peu cerca voluntaris que vulguin col\u00b7laborar en la Marxa [&hellip;]<\/p>\n","protected":false},"author":1,"featured_media":0,"parent":0,"menu_order":0,"comment_status":"closed","ping_status":"closed","template":"page-header.php","meta":{"inline_featured_image":false,"footnotes":""},"class_list":["post-15615","page","type-page","status-publish","hentry"],"_links":{"self":[{"href":"https:\/\/www.grupguell.es\/ca\/wp-json\/wp\/v2\/pages\/15615","targetHints":{"allow":["GET"]}}],"collection":[{"href":"https:\/\/www.grupguell.es\/ca\/wp-json\/wp\/v2\/pages"}],"about":[{"href":"https:\/\/www.grupguell.es\/ca\/wp-json\/wp\/v2\/types\/page"}],"author":[{"embeddable":true,"href":"https:\/\/www.grupguell.es\/ca\/wp-json\/wp\/v2\/users\/1"}],"replies":[{"embeddable":true,"href":"https:\/\/www.grupguell.es\/ca\/wp-json\/wp\/v2\/comments?post=15615"}],"version-history":[{"count":5,"href":"https:\/\/www.grupguell.es\/ca\/wp-json\/wp\/v2\/pages\/15615\/revisions"}],"predecessor-version":[{"id":15810,"href":"https:\/\/www.grupguell.es\/ca\/wp-json\/wp\/v2\/pages\/15615\/revisions\/15810"}],"wp:attachment":[{"href":"https:\/\/www.grupguell.es\/ca\/wp-json\/wp\/v2\/media?parent=15615"}],"curies":[{"name":"wp","href":"https:\/\/api.w.org\/{rel}","templated":true}]}}